{"id":1312,"date":"2016-10-10T10:12:33","date_gmt":"2016-10-10T10:12:33","guid":{"rendered":"http:\/\/olita-treks.com\/newsite\/?page_id=1312&#038;lang=de"},"modified":"2025-03-10T09:48:22","modified_gmt":"2025-03-10T09:48:22","slug":"la-palma","status":"publish","type":"page","link":"https:\/\/olita-treks.com\/de\/andere-destinationen\/la-palma\/","title":{"rendered":"La Palma"},"content":{"rendered":"<div class=\"wpb-content-wrapper\"><p>[vc_row full_width=&#8220;stretch_row&#8220; bg_type=&#8220;image&#8220; parallax_style=&#8220;vcpb-default&#8220; bg_image_new=&#8220;761|http:\/\/olita-treks.com\/newsite\/wp-content\/uploads\/2015\/11\/DSC07876_140316-Edit-ret.jpg&#8220; bg_image_repeat=&#8220;no-repeat&#8220;][vc_column]<div class=\"ult-spacer spacer-69f7123a25980\" data-id=\"69f7123a25980\" data-height=\"350\" data-height-mobile=\"350\" data-height-tab=\"350\" data-height-tab-portrait=\"\" data-height-mobile-landscape=\"\" style=\"clear:both;display:block;\"><\/div>[\/vc_column][\/vc_row][vc_row][vc_column][vc_custom_heading text=&#8220;Exkursionen La Palma&#8220; font_container=&#8220;tag:h1|font_size:32|text_align:left&#8220; use_theme_fonts=&#8220;yes&#8220;][vc_column_text css=&#8220;&#8220;]Dauer: 8 Tage, 7 N\u00e4chte<\/p>\n<p>La Palma, auch \u201cla isla bonita\u201d genannt, ist die wohl bekannteste Insel f\u00fcr Wandertourismus. Die riesige Caldera de Taburiente &#8211; dicht bewaldet mit Kanaren-Kiefern, die j\u00fcnsten Vulkane der Inselgruppe, sowie eine \u00fcppige Vegetation, malerische D\u00f6rfer und sympathische Einwohner haben zum guten Ruf unter Naturliebhabern und Wanderfans beigetragen.<\/p>\n<p><b>Highlights<\/b>:<\/p>\n<ul>\n<li>Fantastische Wanderungen in verschiedensten Umgebungen und H\u00f6henlagen.<\/li>\n<li>\u00dcppige Vegetation steht im Gegensatz zu kargen Lavastr\u00f6men und jungen Vulkankratern<\/li>\n<li>Angenehme Unterkunft<\/li>\n<li>Genuss kanarischer Spezialit\u00e4ten in lokalen Restaurants<\/li>\n<\/ul>\n<p><b>Programm<\/b><\/p>\n<p><b>Tag 1 \u2013 Ankunft<\/b>: Begr\u00fcssung am Flughafen. Bezug der Unterkunft und Briefing. Gemeinsames Abendessen (abh\u00e4ngig von der Ankunftszeit)<\/p>\n<p><b>Tag 2 \u2013 Marcos y Cordero<\/b>: Im Minibus fahren wir nach Los Sauces im Nordosten der Insel, wo es im 4&#215;4 weiter bergauf geht. Die Wanderung f\u00fchrt entlang eines Wasserkanals und durch kleine Tunnels (Taschenlampe, Regenschutz n\u00f6tig) bis zur Quelle von Marcos y Cordero. Nun beginnt ein recht steiler Abstieg mitten im herrlichen Laurisilva Wald von Los Tilos. (Dauer: 5 Std.)<\/p>\n<p><b>Tag 3 \u2013 Die Vulkanroute<\/b>: Besuch der einzigen Tabakfarm der Insel, wo die ber\u00fchmten Palmeros-Zigarren hergestellt werden. Anschliessend fahren wir zur Bergh\u00fctte El Pilar, von wo unser Wanderweg und entlang beeindruckender Vulkankegel und durch Pinienw\u00e4lder f\u00fchrt. Bei gutem Wetter geniesst man einen fantastischen Panoramablick nach Tenerife, La Gomera und El Hierro. (Dauer: 6 Std.)<\/p>\n<p><b>Tag 4 \u2013 Caldera de Taburiente<\/b>: Unvergessliche Wanderung im Nationalpark innerhalb der Caldera de Taburiente. Nach einem Transfer nach Los Brecitos von wo der Weg entlang der Flanke der Caldera atemberaugende Ausblick auf die zerfurchte Landschaft gew\u00e4hrt. Wir gelangen zum Lagerplatz im Herzen der Caldera und folgen von dort dem Barranco de Las Angustias, der sich durch die steilen Felsmassive schl\u00e4ngelt. (Dauer: 5 Std.)<\/p>\n<p><b>Tag 5 \u2013 Fuencaliente<\/b>: Im Minibus geht\u2019s nach Fuencaliente im S\u00fcden der Insel, zum Besucherzentrum \u201cLos Volcanes\u201d. Wir besichtigen die beiden Vulkane San Antonio und Teneguia, j\u00fcngster Vulkan der Kanaren (1971), und steigen dann weiter ab bis zum Leutturm von Fuencaliente. Nach einem k\u00fchlen Bad besichten wir dann die Salinen. (Dauer: 3 Std.)<\/p>\n<p><b>Tag 6 \u2013 Santa Cruz de La Palma<\/b>: Heute entdecken wir die Hauptstadt der Insel: Santa Cruz, mit seiner malerischen Altstadt, kanarischen Balkonen und archeologischem Museum. Auch besuchen wir einen typischen Markt, entweder in Santa Cruz oder in Mazo.<\/p>\n<p><b>Tag 7 \u2013 Roque de los Muchachos<\/b>: Transfer zum h\u00f6chsten Punkt der Insel, dem Roque de los Muchachos. Unser Absieg entlang der Krete der Caldera de Taburientes mit atemberaubendem Ausblick bis zum Pico de Las Nieves. (Dauer: 5 Std.)<\/p>\n<p><b>Tag 8 \u2013 Abreise<\/b>: Transfer zum Flughafen. R\u00fcckflug<\/p>\n<p><b>Reisedaten<\/b>: Ende Februar bis Juni und Mitte September bis Mitte November.<\/p>\n<p><b>Gruppen<\/b>: von 4 bis 15 Personen[\/vc_column_text][vc_masonry_media_grid grid_id=&#8220;vc_gid:1741599785104-aea42647-4017-0&#8243; include=&#8220;315,314,313,312,311,310,309,301,193&#8243;][\/vc_column][\/vc_row][vc_row full_width=&#8220;stretch_row&#8220; bg_type=&#8220;bg_color&#8220; bg_color_value=&#8220;#f2f2f2&#8243; css=&#8220;.vc_custom_1460991685674{margin-bottom: 0px !important;border-bottom-width: 0px !important;padding-bottom: 0px !important;}&#8220;][vc_column width=&#8220;1\/6&#8243;][\/vc_column][vc_column width=&#8220;2\/3&#8243;][vc_custom_heading text=&#8220;Finden sie nicht, was sie suchen?&#8220; font_container=&#8220;tag:h3|font_size:32|text_align:center&#8220; use_theme_fonts=&#8220;yes&#8220;][vc_column_text]<\/p>\n<p style=\"text-align: center;\">Senden Sie uns Ihre Urlaubsideen und Sie erhalten einen Kostenvoranschlag f\u00fcr Ihre massgeschneiderte Urlaubsreise.<\/p>\n<p>[\/vc_column_text]\n<div class=\"wpcf7 no-js\" id=\"wpcf7-f1653-o1\" lang=\"en-US\" dir=\"ltr\" data-wpcf7-id=\"1653\">\n<div class=\"screen-reader-response\"><p role=\"status\" aria-live=\"polite\" aria-atomic=\"true\"><\/p> <ul><\/ul><\/div>\n<form action=\"\/de\/wp-json\/wp\/v2\/pages\/1312#wpcf7-f1653-o1\" method=\"post\" class=\"wpcf7-form init\" aria-label=\"Contact form\" novalidate=\"novalidate\" data-status=\"init\">\n<fieldset class=\"hidden-fields-container\"><input type=\"hidden\" name=\"_wpcf7\" value=\"1653\" \/><input type=\"hidden\" name=\"_wpcf7_version\" value=\"6.1.5\" \/><input type=\"hidden\" name=\"_wpcf7_locale\" value=\"en_US\" \/><input type=\"hidden\" name=\"_wpcf7_unit_tag\" value=\"wpcf7-f1653-o1\" \/><input type=\"hidden\" name=\"_wpcf7_container_post\" value=\"0\" \/><input type=\"hidden\" name=\"_wpcf7_posted_data_hash\" value=\"\" \/><input type=\"hidden\" name=\"_wpcf7dtx_version\" value=\"5.0.5\" \/><input type=\"hidden\" name=\"_wpcf7_recaptcha_response\" value=\"\" \/>\n<\/fieldset>\n<p>Exkursionen:\n<\/p>\n<p><span class=\"wpcf7-form-control-wrap\" data-name=\"menu-program\"><select class=\"wpcf7-form-control wpcf7-select\" aria-invalid=\"false\" name=\"menu-program\"><option value=\"La Palma\">La Palma<\/option><option value=\"La Gomera\">La Gomera<\/option><option value=\"Gran Canaria &amp; Fuerteventura\">Gran Canaria &amp; Fuerteventura<\/option><option value=\"Auf den spuren von Don Quijote\">Auf den spuren von Don Quijote<\/option><\/select><\/span>\n<\/p>\n<p>Reisedaten (JJJJ-MM-TT)\n<\/p>\n<p><span class=\"wpcf7-form-control-wrap\" data-name=\"your-date\"><input class=\"wpcf7-form-control wpcf7-date wpcf7-validates-as-required wpcf7-validates-as-date\" aria-required=\"true\" aria-invalid=\"false\" value=\"\" type=\"date\" name=\"your-date\" \/><\/span>\n<\/p>\n<p>Anzahl Tage:\n<\/p>\n<p><span class=\"wpcf7-form-control-wrap\" data-name=\"text-days\"><input size=\"40\" maxlength=\"400\" class=\"wpcf7-form-control wpcf7-text\" aria-invalid=\"false\" value=\"\" type=\"text\" name=\"text-days\" \/><\/span>\n<\/p>\n<p>Anzahl Erwachsene:\n<\/p>\n<p><span class=\"wpcf7-form-control-wrap\" data-name=\"number-adults\"><input class=\"wpcf7-form-control wpcf7-number wpcf7-validates-as-number\" min=\"1\" max=\"15\" aria-invalid=\"false\" value=\"\" type=\"number\" name=\"number-adults\" \/><\/span>\n<\/p>\n<p>Kinder (Alter)\n<\/p>\n<p><span class=\"wpcf7-form-control-wrap\" data-name=\"ages-children\"><input size=\"40\" maxlength=\"400\" class=\"wpcf7-form-control wpcf7-text\" aria-invalid=\"false\" value=\"\" type=\"text\" name=\"ages-children\" \/><\/span>\n<\/p>\n<p>Vor- und Nachname\n<\/p>\n<p><span class=\"wpcf7-form-control-wrap\" data-name=\"your-name\"><input size=\"40\" maxlength=\"400\" class=\"wpcf7-form-control wpcf7-text\" aria-invalid=\"false\" value=\"\" type=\"text\" name=\"your-name\" \/><\/span>\n<\/p>\n<p>Email (obligatorisch)\n<\/p>\n<p><span class=\"wpcf7-form-control-wrap\" data-name=\"your-email\"><input size=\"40\" maxlength=\"400\" class=\"wpcf7-form-control wpcf7-email wpcf7-validates-as-required wpcf7-text wpcf7-validates-as-email\" aria-required=\"true\" aria-invalid=\"false\" value=\"\" type=\"email\" name=\"your-email\" \/><\/span>\n<\/p>\n<p>Telefonnr.\n<\/p>\n<p><span class=\"wpcf7-form-control-wrap\" data-name=\"your-phone\"><input size=\"40\" maxlength=\"400\" class=\"wpcf7-form-control wpcf7-tel wpcf7-text wpcf7-validates-as-tel\" aria-invalid=\"false\" value=\"\" type=\"tel\" name=\"your-phone\" \/><\/span>\n<\/p>\n<p>Budget pro Person: (select)\n<\/p>\n<p><span class=\"wpcf7-form-control-wrap\" data-name=\"menu-budget\"><select class=\"wpcf7-form-control wpcf7-select\" aria-invalid=\"false\" name=\"menu-budget\"><option value=\"300\u20ac - 500\u20ac\">300\u20ac - 500\u20ac<\/option><option value=\"500\u20ac - 800\u20ac\">500\u20ac - 800\u20ac<\/option><option value=\"800\u20ac - 1200\u20ac\">800\u20ac - 1200\u20ac<\/option><option value=\"over 1200\u20ac\">over 1200\u20ac<\/option><option value=\"Ich wei\u00df es noch nicht\">Ich wei\u00df es noch nicht<\/option><\/select><\/span>\n<\/p>\n<p>Ihre Vorstellungen und Pr\u00e4ferenzen\n<\/p>\n<p><span class=\"wpcf7-form-control-wrap\" data-name=\"your-message\"><textarea cols=\"40\" rows=\"10\" maxlength=\"2000\" class=\"wpcf7-form-control wpcf7-textarea\" aria-invalid=\"false\" name=\"your-message\">Insel(n), Aktivit\u00e4ten, Art der Unterkunft, etc.<\/textarea><\/span>\n<\/p>\n<span class=\"wpcf7-form-control-wrap current_page\" data-name=\"current_page\"><input type=\"hidden\" name=\"current_page\" class=\"wpcf7-form-control wpcf7-hidden wpcf7dtx wpcf7dtx-hidden\" aria-invalid=\"false\" value=\"https:\/\/olita-treks.com\/de\/wp-json\/wp\/v2\/pages\/1312\"><\/span>\n<p><span class=\"wpcf7-form-control-wrap\" data-name=\"acceptance-309\"><span class=\"wpcf7-form-control wpcf7-acceptance\"><span class=\"wpcf7-list-item\"><input type=\"checkbox\" name=\"acceptance-309\" value=\"1\" aria-invalid=\"false\" \/><\/span><\/span><\/span> Ich habe die <a href=\"\/privacy-policy\" target=\"_blank\"> rechtlichen Hinweise <\/a> gelesen und erkl\u00e4re mich einverstanden (obligatorisch)\n<\/p>\n\n<p><input class=\"wpcf7-form-control wpcf7-submit has-spinner\" type=\"submit\" value=\"Verlangen Sie Ihren Kostenvoranschlag!\" \/>\n<\/p><div class=\"fusion-alert alert custom alert-custom fusion-alert-center wpcf7-response-output awb-alert-native-link-color alert-dismissable awb-alert-close-boxed\" style=\"--awb-border-size:1px;--awb-border-top-left-radius:0px;--awb-border-top-right-radius:0px;--awb-border-bottom-left-radius:0px;--awb-border-bottom-right-radius:0px;\" role=\"alert\"><div class=\"fusion-alert-content-wrapper\"><span class=\"fusion-alert-content\"><\/span><\/div><button type=\"button\" class=\"close toggle-alert\" data-dismiss=\"alert\" aria-label=\"Close\">&times;<\/button><\/div>\n<\/form>\n<\/div>\n[\/vc_column][vc_column width=&#8220;1\/6&#8243;][\/vc_column][\/vc_row]<\/p>\n<\/div>","protected":false},"excerpt":{"rendered":"<p>[vc_row full_width=&#8220;stretch_row&#8220; bg_type=&#8220;image&#8220; parallax_style=&#8220;vcpb-default&#8220; bg_image_new=&#8220;761|http:\/\/olita-treks.com\/newsite\/wp-content\/uploads\/2015\/11\/DSC07876_140316-Edit-ret.jpg&#8220; bg_image_repeat=&#8220;no-repeat&#8220;][vc_column][\/vc_column][\/vc_row][vc_row][vc_column][vc_custom_heading text=&#8220;Exkursionen La Palma&#8220; font_container=&#8220;tag:h1|font_size:32|text_align:left&#8220; use_theme_fonts=&#8220;yes&#8220;][vc_column_text css=&#8220;&#8220;]Dauer: 8 Tage, 7 N\u00e4chte La Palma, auch \u201cla isla bonita\u201d genannt, ist die wohl bekannteste Insel f\u00fcr Wandertourismus. Die riesige Caldera de Taburiente &#8211; dicht bewaldet mit Kanaren-Kiefern, die j\u00fcnsten Vulkane der Inselgruppe, sowie eine \u00fcppige Vegetation, malerische D\u00f6rfer und sympathische Einwohner haben<\/p>\n","protected":false},"author":3,"featured_media":1963,"parent":1300,"menu_order":0,"comment_status":"closed","ping_status":"closed","template":"","meta":{"footnotes":""},"class_list":["post-1312","page","type-page","status-publish","has-post-thumbnail","hentry"],"yoast_head":"<!-- This site is optimized with the Yoast SEO plugin v27.4 - https:\/\/yoast.com\/product\/yoast-seo-wordpress\/ -->\n<title>La Palma - Olita Trek &amp; Bike - Lanzarote Excursions<\/title>\n<meta name=\"description\" content=\"Lernen Sie den j\u00fcngsten Vulkan der Kanaren kennen und erleben Sie kontrastreiche Landschaften - 6 Wanderungen in einem Programm von 8 Tagen.\" \/>\n<meta name=\"robots\" content=\"index, follow, max-snippet:-1, max-image-preview:large, max-video-preview:-1\" \/>\n<link rel=\"canonical\" href=\"https:\/\/olita-treks.com\/other-destinations\/la-palma-hiking-week-olita-trek-bike\/\" \/>\n<meta property=\"og:locale\" content=\"de_DE\" \/>\n<meta property=\"og:type\" content=\"article\" \/>\n<meta property=\"og:title\" content=\"La Palma - Olita Trek &amp; Bike - Lanzarote Excursions\" \/>\n<meta property=\"og:description\" content=\"Lernen Sie den j\u00fcngsten Vulkan der Kanaren kennen und erleben Sie kontrastreiche Landschaften - 6 Wanderungen in einem Programm von 8 Tagen.\" \/>\n<meta property=\"og:url\" content=\"https:\/\/olita-treks.com\/other-destinations\/la-palma-hiking-week-olita-trek-bike\/\" \/>\n<meta property=\"og:site_name\" content=\"Olita Trek &amp; Bike - Lanzarote Excursions\" \/>\n<meta property=\"article:publisher\" content=\"https:\/\/www.facebook.com\/olitalanzarote\" \/>\n<meta property=\"article:modified_time\" content=\"2025-03-10T09:48:22+00:00\" \/>\n<meta property=\"og:image\" content=\"https:\/\/olita-treks.com\/wp-content\/uploads\/2016\/04\/Olita_Canarias_La_Palma_Senderismo-0.jpg\" \/>\n\t<meta property=\"og:image:width\" content=\"550\" \/>\n\t<meta property=\"og:image:height\" content=\"366\" \/>\n\t<meta property=\"og:image:type\" content=\"image\/jpeg\" \/>\n<meta name=\"twitter:card\" content=\"summary_large_image\" \/>\n<meta name=\"twitter:label1\" content=\"Gesch\u00e4tzte Lesezeit\" \/>\n\t<meta name=\"twitter:data1\" content=\"3\u00a0Minuten\" \/>\n<script type=\"application\/ld+json\" class=\"yoast-schema-graph\">{\"@context\":\"https:\\\/\\\/schema.org\",\"@graph\":[{\"@type\":\"WebPage\",\"@id\":\"https:\\\/\\\/olita-treks.com\\\/other-destinations\\\/la-palma-hiking-week-olita-trek-bike\\\/\",\"url\":\"https:\\\/\\\/olita-treks.com\\\/other-destinations\\\/la-palma-hiking-week-olita-trek-bike\\\/\",\"name\":\"La Palma - Olita Trek &amp; Bike - Lanzarote Excursions\",\"isPartOf\":{\"@id\":\"http:\\\/\\\/olita-treks.com\\\/#website\"},\"primaryImageOfPage\":{\"@id\":\"https:\\\/\\\/olita-treks.com\\\/other-destinations\\\/la-palma-hiking-week-olita-trek-bike\\\/#primaryimage\"},\"image\":{\"@id\":\"https:\\\/\\\/olita-treks.com\\\/other-destinations\\\/la-palma-hiking-week-olita-trek-bike\\\/#primaryimage\"},\"thumbnailUrl\":\"https:\\\/\\\/olita-treks.com\\\/wp-content\\\/uploads\\\/2016\\\/04\\\/Olita_Canarias_La_Palma_Senderismo-0.jpg\",\"datePublished\":\"2016-10-10T10:12:33+00:00\",\"dateModified\":\"2025-03-10T09:48:22+00:00\",\"description\":\"Lernen Sie den j\u00fcngsten Vulkan der Kanaren kennen und erleben Sie kontrastreiche Landschaften - 6 Wanderungen in einem Programm von 8 Tagen.\",\"breadcrumb\":{\"@id\":\"https:\\\/\\\/olita-treks.com\\\/other-destinations\\\/la-palma-hiking-week-olita-trek-bike\\\/#breadcrumb\"},\"inLanguage\":\"de\",\"potentialAction\":[{\"@type\":\"ReadAction\",\"target\":[\"https:\\\/\\\/olita-treks.com\\\/other-destinations\\\/la-palma-hiking-week-olita-trek-bike\\\/\"]}]},{\"@type\":\"ImageObject\",\"inLanguage\":\"de\",\"@id\":\"https:\\\/\\\/olita-treks.com\\\/other-destinations\\\/la-palma-hiking-week-olita-trek-bike\\\/#primaryimage\",\"url\":\"https:\\\/\\\/olita-treks.com\\\/wp-content\\\/uploads\\\/2016\\\/04\\\/Olita_Canarias_La_Palma_Senderismo-0.jpg\",\"contentUrl\":\"https:\\\/\\\/olita-treks.com\\\/wp-content\\\/uploads\\\/2016\\\/04\\\/Olita_Canarias_La_Palma_Senderismo-0.jpg\",\"width\":550,\"height\":366},{\"@type\":\"BreadcrumbList\",\"@id\":\"https:\\\/\\\/olita-treks.com\\\/other-destinations\\\/la-palma-hiking-week-olita-trek-bike\\\/#breadcrumb\",\"itemListElement\":[{\"@type\":\"ListItem\",\"position\":1,\"name\":\"Home\",\"item\":\"https:\\\/\\\/olita-treks.com\\\/de\\\/\"},{\"@type\":\"ListItem\",\"position\":2,\"name\":\"ANDERE DESTINATIONEN\",\"item\":\"http:\\\/\\\/olita-treks.com\\\/de\\\/andere-destinationen\\\/\"},{\"@type\":\"ListItem\",\"position\":3,\"name\":\"La Palma\"}]},{\"@type\":\"WebSite\",\"@id\":\"http:\\\/\\\/olita-treks.com\\\/#website\",\"url\":\"http:\\\/\\\/olita-treks.com\\\/\",\"name\":\"Olita Trek &amp; Bike - Lanzarote Excursions\",\"description\":\"Olita Trek &amp; Bike offers guided walks and Mountain Bike Tours on Lanzarote, the most surprising of the Canary Islands.\",\"potentialAction\":[{\"@type\":\"SearchAction\",\"target\":{\"@type\":\"EntryPoint\",\"urlTemplate\":\"http:\\\/\\\/olita-treks.com\\\/?s={search_term_string}\"},\"query-input\":{\"@type\":\"PropertyValueSpecification\",\"valueRequired\":true,\"valueName\":\"search_term_string\"}}],\"inLanguage\":\"de\"}]}<\/script>\n<!-- \/ Yoast SEO plugin. -->","yoast_head_json":{"title":"La Palma - Olita Trek &amp; Bike - Lanzarote Excursions","description":"Lernen Sie den j\u00fcngsten Vulkan der Kanaren kennen und erleben Sie kontrastreiche Landschaften - 6 Wanderungen in einem Programm von 8 Tagen.","robots":{"index":"index","follow":"follow","max-snippet":"max-snippet:-1","max-image-preview":"max-image-preview:large","max-video-preview":"max-video-preview:-1"},"canonical":"https:\/\/olita-treks.com\/other-destinations\/la-palma-hiking-week-olita-trek-bike\/","og_locale":"de_DE","og_type":"article","og_title":"La Palma - Olita Trek &amp; Bike - Lanzarote Excursions","og_description":"Lernen Sie den j\u00fcngsten Vulkan der Kanaren kennen und erleben Sie kontrastreiche Landschaften - 6 Wanderungen in einem Programm von 8 Tagen.","og_url":"https:\/\/olita-treks.com\/other-destinations\/la-palma-hiking-week-olita-trek-bike\/","og_site_name":"Olita Trek &amp; Bike - Lanzarote Excursions","article_publisher":"https:\/\/www.facebook.com\/olitalanzarote","article_modified_time":"2025-03-10T09:48:22+00:00","og_image":[{"width":550,"height":366,"url":"https:\/\/olita-treks.com\/wp-content\/uploads\/2016\/04\/Olita_Canarias_La_Palma_Senderismo-0.jpg","type":"image\/jpeg"}],"twitter_card":"summary_large_image","twitter_misc":{"Gesch\u00e4tzte Lesezeit":"3\u00a0Minuten"},"schema":{"@context":"https:\/\/schema.org","@graph":[{"@type":"WebPage","@id":"https:\/\/olita-treks.com\/other-destinations\/la-palma-hiking-week-olita-trek-bike\/","url":"https:\/\/olita-treks.com\/other-destinations\/la-palma-hiking-week-olita-trek-bike\/","name":"La Palma - Olita Trek &amp; Bike - Lanzarote Excursions","isPartOf":{"@id":"http:\/\/olita-treks.com\/#website"},"primaryImageOfPage":{"@id":"https:\/\/olita-treks.com\/other-destinations\/la-palma-hiking-week-olita-trek-bike\/#primaryimage"},"image":{"@id":"https:\/\/olita-treks.com\/other-destinations\/la-palma-hiking-week-olita-trek-bike\/#primaryimage"},"thumbnailUrl":"https:\/\/olita-treks.com\/wp-content\/uploads\/2016\/04\/Olita_Canarias_La_Palma_Senderismo-0.jpg","datePublished":"2016-10-10T10:12:33+00:00","dateModified":"2025-03-10T09:48:22+00:00","description":"Lernen Sie den j\u00fcngsten Vulkan der Kanaren kennen und erleben Sie kontrastreiche Landschaften - 6 Wanderungen in einem Programm von 8 Tagen.","breadcrumb":{"@id":"https:\/\/olita-treks.com\/other-destinations\/la-palma-hiking-week-olita-trek-bike\/#breadcrumb"},"inLanguage":"de","potentialAction":[{"@type":"ReadAction","target":["https:\/\/olita-treks.com\/other-destinations\/la-palma-hiking-week-olita-trek-bike\/"]}]},{"@type":"ImageObject","inLanguage":"de","@id":"https:\/\/olita-treks.com\/other-destinations\/la-palma-hiking-week-olita-trek-bike\/#primaryimage","url":"https:\/\/olita-treks.com\/wp-content\/uploads\/2016\/04\/Olita_Canarias_La_Palma_Senderismo-0.jpg","contentUrl":"https:\/\/olita-treks.com\/wp-content\/uploads\/2016\/04\/Olita_Canarias_La_Palma_Senderismo-0.jpg","width":550,"height":366},{"@type":"BreadcrumbList","@id":"https:\/\/olita-treks.com\/other-destinations\/la-palma-hiking-week-olita-trek-bike\/#breadcrumb","itemListElement":[{"@type":"ListItem","position":1,"name":"Home","item":"https:\/\/olita-treks.com\/de\/"},{"@type":"ListItem","position":2,"name":"ANDERE DESTINATIONEN","item":"http:\/\/olita-treks.com\/de\/andere-destinationen\/"},{"@type":"ListItem","position":3,"name":"La Palma"}]},{"@type":"WebSite","@id":"http:\/\/olita-treks.com\/#website","url":"http:\/\/olita-treks.com\/","name":"Olita Trek &amp; Bike - Lanzarote Excursions","description":"Olita Trek &amp; Bike offers guided walks and Mountain Bike Tours on Lanzarote, the most surprising of the Canary Islands.","potentialAction":[{"@type":"SearchAction","target":{"@type":"EntryPoint","urlTemplate":"http:\/\/olita-treks.com\/?s={search_term_string}"},"query-input":{"@type":"PropertyValueSpecification","valueRequired":true,"valueName":"search_term_string"}}],"inLanguage":"de"}]}},"_links":{"self":[{"href":"https:\/\/olita-treks.com\/de\/wp-json\/wp\/v2\/pages\/1312","targetHints":{"allow":["GET"]}}],"collection":[{"href":"https:\/\/olita-treks.com\/de\/wp-json\/wp\/v2\/pages"}],"about":[{"href":"https:\/\/olita-treks.com\/de\/wp-json\/wp\/v2\/types\/page"}],"author":[{"embeddable":true,"href":"https:\/\/olita-treks.com\/de\/wp-json\/wp\/v2\/users\/3"}],"replies":[{"embeddable":true,"href":"https:\/\/olita-treks.com\/de\/wp-json\/wp\/v2\/comments?post=1312"}],"version-history":[{"count":6,"href":"https:\/\/olita-treks.com\/de\/wp-json\/wp\/v2\/pages\/1312\/revisions"}],"predecessor-version":[{"id":3569,"href":"https:\/\/olita-treks.com\/de\/wp-json\/wp\/v2\/pages\/1312\/revisions\/3569"}],"up":[{"embeddable":true,"href":"https:\/\/olita-treks.com\/de\/wp-json\/wp\/v2\/pages\/1300"}],"wp:featuredmedia":[{"embeddable":true,"href":"https:\/\/olita-treks.com\/de\/wp-json\/wp\/v2\/media\/1963"}],"wp:attachment":[{"href":"https:\/\/olita-treks.com\/de\/wp-json\/wp\/v2\/media?parent=1312"}],"curies":[{"name":"wp","href":"https:\/\/api.w.org\/{rel}","templated":true}]}}